{"id":2724,"date":"2019-07-02T18:10:30","date_gmt":"2019-07-02T18:10:30","guid":{"rendered":"http:\/\/axilthemes.com\/themes\/axilnews\/?page_id=20"},"modified":"2025-11-11T14:24:00","modified_gmt":"2025-11-11T14:24:00","slug":"a-propos","status":"publish","type":"page","link":"https:\/\/2pai-nord.ci\/web\/a-propos\/","title":{"rendered":"Pr\u00e9sentation G\u00e9n\u00e9rale du 2PAI-NORD"},"content":{"rendered":"\t\t<div data-elementor-type=\"wp-post\" data-elementor-id=\"2724\" class=\"elementor elementor-2724\" data-elementor-post-type=\"page\">\n\t\t\t\t<div class=\"has_eae_slider elementor-element elementor-element-b2e8450 e-flex e-con-boxed e-con e-parent\" data-eae-slider=\"29184\" data-id=\"b2e8450\" data-element_type=\"container\">\n\t\t\t\t\t<div class=\"e-con-inner\">\n\t\t\t\t<div class=\"elementor-element elementor-element-db284a6 elementor-widget-divider--view-line elementor-widget elementor-widget-divider\" data-id=\"db284a6\" data-element_type=\"widget\" data-widget_type=\"divider.default\">\n\t\t\t\t<div class=\"elementor-widget-container\">\n\t\t\t\t\t\t\t<div class=\"elementor-divider\">\n\t\t\t<span class=\"elementor-divider-separator\">\n\t\t\t\t\t\t<\/span>\n\t\t<\/div>\n\t\t\t\t\t\t<\/div>\n\t\t\t\t<\/div>\n\t\t\t\t\t<\/div>\n\t\t\t\t<\/div>\n\t\t<div class=\"has_eae_slider elementor-element elementor-element-de9d9a4 e-flex e-con-boxed e-con e-parent\" data-eae-slider=\"68838\" data-id=\"de9d9a4\" data-element_type=\"container\">\n\t\t\t\t\t<div class=\"e-con-inner\">\n\t\t\t\t<div class=\"elementor-element elementor-element-9646c8a elementor-widget-divider--view-line elementor-widget elementor-widget-divider\" data-id=\"9646c8a\" data-element_type=\"widget\" data-widget_type=\"divider.default\">\n\t\t\t\t<div class=\"elementor-widget-container\">\n\t\t\t\t\t\t\t<div class=\"elementor-divider\">\n\t\t\t<span class=\"elementor-divider-separator\">\n\t\t\t\t\t\t<\/span>\n\t\t<\/div>\n\t\t\t\t\t\t<\/div>\n\t\t\t\t<\/div>\n\t\t\t\t\t<\/div>\n\t\t\t\t<\/div>\n\t\t<div class=\"has_eae_slider elementor-element elementor-element-de9e92d e-con-full e-flex e-con e-parent\" data-eae-slider=\"74140\" data-id=\"de9e92d\" data-element_type=\"container\" data-settings=\"{&quot;background_background&quot;:&quot;classic&quot;,&quot;shape_divider_top&quot;:&quot;clouds&quot;,&quot;shape_divider_bottom&quot;:&quot;waves&quot;}\">\n\t\t\t\t<div class=\"elementor-shape elementor-shape-top\" aria-hidden=\"true\" data-negative=\"false\">\n\t\t\t<svg xmlns=\"http:\/\/www.w3.org\/2000\/svg\" viewBox=\"0 0 283.5 27.8\" preserveAspectRatio=\"xMidYMax slice\">\n  <path class=\"elementor-shape-fill\" d=\"M0 0v6.7c1.9-.8 4.7-1.4 8.5-1 9.5 1.1 11.1 6 11.1 6s2.1-.7 4.3-.2c2.1.5 2.8 2.6 2.8 2.6s.2-.5 1.4-.7c1.2-.2 1.7.2 1.7.2s0-2.1 1.9-2.8c1.9-.7 3.6.7 3.6.7s.7-2.9 3.1-4.1 4.7 0 4.7 0 1.2-.5 2.4 0 1.7 1.4 1.7 1.4h1.4c.7 0 1.2.7 1.2.7s.8-1.8 4-2.2c3.5-.4 5.3 2.4 6.2 4.4.4-.4 1-.7 1.8-.9 2.8-.7 4 .7 4 .7s1.7-5 11.1-6c9.5-1.1 12.3 3.9 12.3 3.9s1.2-4.8 5.7-5.7c4.5-.9 6.8 1.8 6.8 1.8s.6-.6 1.5-.9c.9-.2 1.9-.2 1.9-.2s5.2-6.4 12.6-3.3c7.3 3.1 4.7 9 4.7 9s1.9-.9 4 0 2.8 2.4 2.8 2.4 1.9-1.2 4.5-1.2 4.3 1.2 4.3 1.2.2-1 1.4-1.7 2.1-.7 2.1-.7-.5-3.1 2.1-5.5 5.7-1.4 5.7-1.4 1.5-2.3 4.2-1.1c2.7 1.2 1.7 5.2 1.7 5.2s.3-.1 1.3.5c.5.4.8.8.9 1.1.5-1.4 2.4-5.8 8.4-4 7.1 2.1 3.5 8.9 3.5 8.9s.8-.4 2 0 1.1 1.1 1.1 1.1 1.1-1.1 2.3-1.1 2.1.5 2.1.5 1.9-3.6 6.2-1.2 1.9 6.4 1.9 6.4 2.6-2.4 7.4 0c3.4 1.7 3.9 4.9 3.9 4.9s3.3-6.9 10.4-7.9 11.5 2.6 11.5 2.6.8 0 1.2.2c.4.2.9.9.9.9s4.4-3.1 8.3.2c1.9 1.7 1.5 5 1.5 5s.3-1.1 1.6-1.4c1.3-.3 2.3.2 2.3.2s-.1-1.2.5-1.9 1.9-.9 1.9-.9-4.7-9.3 4.4-13.4c5.6-2.5 9.2.9 9.2.9s5-6.2 15.9-6.2 16.1 8.1 16.1 8.1.7-.2 1.6-.4V0H0z\"\/>\n<\/svg>\n\t\t<\/div>\n\t\t\t\t<div class=\"elementor-shape elementor-shape-bottom\" aria-hidden=\"true\" data-negative=\"false\">\n\t\t\t<svg xmlns=\"http:\/\/www.w3.org\/2000\/svg\" viewBox=\"0 0 1000 100\" preserveAspectRatio=\"none\">\n\t<path class=\"elementor-shape-fill\" d=\"M421.9,6.5c22.6-2.5,51.5,0.4,75.5,5.3c23.6,4.9,70.9,23.5,100.5,35.7c75.8,32.2,133.7,44.5,192.6,49.7\n\tc23.6,2.1,48.7,3.5,103.4-2.5c54.7-6,106.2-25.6,106.2-25.6V0H0v30.3c0,0,72,32.6,158.4,30.5c39.2-0.7,92.8-6.7,134-22.4\n\tc21.2-8.1,52.2-18.2,79.7-24.2C399.3,7.9,411.6,7.5,421.9,6.5z\"\/>\n<\/svg>\t\t<\/div>\n\t\t\t\t<div class=\"elementor-element elementor-element-8d7d420 elementor-widget__width-inherit e-n-tabs-mobile elementor-widget elementor-widget-n-tabs\" data-id=\"8d7d420\" data-element_type=\"widget\" data-widget_type=\"nested-tabs.default\">\n\t\t\t\t<div class=\"elementor-widget-container\">\n\t\t\t\t\t\t\t<div class=\"e-n-tabs\" data-widget-number=\"148362272\" aria-label=\"Onglets. Ouvrez des \u00e9l\u00e9ments avec Entrer ou Espace, fermez-les avec Echape et naviguez \u00e0 l&#039;aide des touches fl\u00e9ch\u00e9es.\">\n\t\t\t<div class=\"e-n-tabs-heading\" role=\"tablist\">\n\t\t\t\t\t<button id=\"e-n-tab-title-1483622721\" class=\"e-n-tab-title\" aria-selected=\"true\" data-tab-index=\"1\" role=\"tab\" tabindex=\"0\" aria-controls=\"e-n-tab-content-1483622721\" style=\"--n-tabs-title-order: 1;\">\n\t\t\t\t\t\t<span class=\"e-n-tab-title-text\">\n\t\t\t\tI - LA VISION :\t\t\t<\/span>\n\t\t<\/button>\n\t\t\t\t<button id=\"e-n-tab-title-1483622722\" class=\"e-n-tab-title\" aria-selected=\"false\" data-tab-index=\"2\" role=\"tab\" tabindex=\"-1\" aria-controls=\"e-n-tab-content-1483622722\" style=\"--n-tabs-title-order: 2;\">\n\t\t\t\t\t\t<span class=\"e-n-tab-title-text\">\n\t\t\t\tII-\tAXES CLES DE LA  VISION :\t\t\t<\/span>\n\t\t<\/button>\n\t\t\t\t<button id=\"e-n-tab-title-1483622723\" class=\"e-n-tab-title\" aria-selected=\"false\" data-tab-index=\"3\" role=\"tab\" tabindex=\"-1\" aria-controls=\"e-n-tab-content-1483622723\" style=\"--n-tabs-title-order: 3;\">\n\t\t\t\t\t\t<span class=\"e-n-tab-title-text\">\n\t\t\t\tIII- L\u2019AMBITION :\t\t\t<\/span>\n\t\t<\/button>\n\t\t\t\t<button id=\"e-n-tab-title-1483622724\" class=\"e-n-tab-title\" aria-selected=\"false\" data-tab-index=\"4\" role=\"tab\" tabindex=\"-1\" aria-controls=\"e-n-tab-content-1483622724\" style=\"--n-tabs-title-order: 4;\">\n\t\t\t\t\t\t<span class=\"e-n-tab-title-text\">\n\t\t\t\tIV- LES MISSIONS :\t\t\t<\/span>\n\t\t<\/button>\n\t\t\t\t<button id=\"e-n-tab-title-1483622725\" class=\"e-n-tab-title\" aria-selected=\"false\" data-tab-index=\"5\" role=\"tab\" tabindex=\"-1\" aria-controls=\"e-n-tab-content-1483622725\" style=\"--n-tabs-title-order: 5;\">\n\t\t\t\t\t\t<span class=\"e-n-tab-title-text\">\n\t\t\t\tV- LES RESULTATS ATTENDUS :\t\t\t<\/span>\n\t\t<\/button>\n\t\t\t\t<button id=\"e-n-tab-title-1483622726\" class=\"e-n-tab-title\" aria-selected=\"false\" data-tab-index=\"6\" role=\"tab\" tabindex=\"-1\" aria-controls=\"e-n-tab-content-1483622726\" style=\"--n-tabs-title-order: 6;\">\n\t\t\t\t\t\t<span class=\"e-n-tab-title-text\">\n\t\t\t\tVI- INDICATEURS CLES DE PERFORMANCE :\t\t\t<\/span>\n\t\t<\/button>\n\t\t\t\t<button id=\"e-n-tab-title-1483622727\" class=\"e-n-tab-title\" aria-selected=\"false\" data-tab-index=\"7\" role=\"tab\" tabindex=\"-1\" aria-controls=\"e-n-tab-content-1483622727\" style=\"--n-tabs-title-order: 7;\">\n\t\t\t\t\t\t<span class=\"e-n-tab-title-text\">\n\t\t\t\tVII- ENGAGEMENTS\t\t\t<\/span>\n\t\t<\/button>\n\t\t\t\t<button id=\"e-n-tab-title-1483622728\" class=\"e-n-tab-title\" aria-selected=\"false\" data-tab-index=\"8\" role=\"tab\" tabindex=\"-1\" aria-controls=\"e-n-tab-content-1483622728\" style=\"--n-tabs-title-order: 8;\">\n\t\t\t\t\t\t<span class=\"e-n-tab-title-text\">\n\t\t\t\tVIII-\tIMPACTS SUR LES BENEFICIAIRES ET LES ACTEURS\t\t\t<\/span>\n\t\t<\/button>\n\t\t\t\t<button id=\"e-n-tab-title-1483622729\" class=\"e-n-tab-title\" aria-selected=\"false\" data-tab-index=\"9\" role=\"tab\" tabindex=\"-1\" aria-controls=\"e-n-tab-content-1483622729\" style=\"--n-tabs-title-order: 9;\">\n\t\t\t\t\t\t<span class=\"e-n-tab-title-text\">\n\t\t\t\tIX- CADRE DE MESURE DES RESULTATS :\t\t\t<\/span>\n\t\t<\/button>\n\t\t\t\t<button id=\"e-n-tab-title-14836227210\" class=\"e-n-tab-title\" aria-selected=\"false\" data-tab-index=\"10\" role=\"tab\" tabindex=\"-1\" aria-controls=\"e-n-tab-content-14836227210\" style=\"--n-tabs-title-order: 10;\">\n\t\t\t\t\t\t<span class=\"e-n-tab-title-text\">\n\t\t\t\tX- STRATEGIE DE MISE EN \u0152UVRE :\t\t\t<\/span>\n\t\t<\/button>\n\t\t\t\t<button id=\"e-n-tab-title-14836227211\" class=\"e-n-tab-title\" aria-selected=\"false\" data-tab-index=\"11\" role=\"tab\" tabindex=\"-1\" aria-controls=\"e-n-tab-content-14836227211\" style=\"--n-tabs-title-order: 11;\">\n\t\t\t\t\t\t<span class=\"e-n-tab-title-text\">\n\t\t\t\tXI- DEFIS :\t\t\t<\/span>\n\t\t<\/button>\n\t\t\t\t<button id=\"e-n-tab-title-14836227212\" class=\"e-n-tab-title\" aria-selected=\"false\" data-tab-index=\"12\" role=\"tab\" tabindex=\"-1\" aria-controls=\"e-n-tab-content-14836227212\" style=\"--n-tabs-title-order: 12;\">\n\t\t\t\t\t\t<span class=\"e-n-tab-title-text\">\n\t\t\t\tXII- PLAN OPERATIONNEL :\t\t\t<\/span>\n\t\t<\/button>\n\t\t\t\t\t<\/div>\n\t\t\t<div class=\"e-n-tabs-content\">\n\t\t\t\t<div class=\"has_eae_slider e-active elementor-element elementor-element-1cbc943 e-con-full e-flex e-con e-child\" data-eae-slider=\"88883\" id=\"e-n-tab-content-1483622721\" role=\"tabpanel\" aria-labelledby=\"e-n-tab-title-1483622721\" data-tab-index=\"1\" style=\"--n-tabs-title-order: 1;\" data-id=\"1cbc943\" data-element_type=\"container\">\n\t\t\t\t<div class=\"elementor-element elementor-element-3fa9707 elementor-widget__width-inherit eael-infobox-content-align--center elementor-widget elementor-widget-eael-info-box\" data-id=\"3fa9707\" data-element_type=\"widget\" data-widget_type=\"eael-info-box.default\">\n\t\t\t\t<div class=\"elementor-widget-container\">\n\t\t\t\t\t        <div class=\"eael-infobox icon-on-top\">\n\t            <div class=\"infobox-content\">\n                    <div class=\"infobox-title-section\">\n                <h4 class=\"title\">I. LA VISION : <\/h4>            <\/div>\n            <div><p style=\"text-align: right;\"><a href=\"https:\/\/2pai-nord.ci\/web\/publications\"><span style=\"text-decoration: underline; color: #008000;\"><strong>Cliquer i\u00e7i pour la version Ebook<\/strong><\/span><\/a><\/p><p style=\"text-align: left;\"><strong>\u00ab Faire du Nord de la C\u00f4te d&#8217;Ivoire<span style=\"color: #000000;\">\u00a0<\/span>un moteur de transformation agro-industrielle durable, inclusif et comp\u00e9titif, capable de valoriser les productions agricoles de ses terroirs, d&#8217;am\u00e9liorer la s\u00e9curit\u00e9 alimentaire et de dynamiser l&#8217;\u00e9conomie locale gr\u00e2ce \u00e0 une approche int\u00e9gr\u00e9e et innovante \u00bb.<\/strong><\/p><p style=\"text-align: left;\">La vision du <strong>Projet de P\u00f4le Agro-Industriel dans le Nord (2PAI-NORD)<\/strong> est de devenir un <strong>catalyseur de d\u00e9veloppement<\/strong> pour les r\u00e9gions du nord de la C\u00f4te d&#8217;Ivoire. Ce projet vise \u00e0 moderniser l&#8217;agriculture et \u00e0 cr\u00e9er des opportunit\u00e9s \u00e9conomiques durables pour les populations rurales. Il s&#8217;inscrit dans le <strong>Programme National de D\u00e9veloppement (PND 2021-2025)<\/strong> et contribue \u00e0 la transformation structurelle de l&#8217;\u00e9conomie par l&#8217;industrialisation et le d\u00e9veloppement de grappes.<\/p><p style=\"text-align: left;\"><strong>Au plan sectoriel<\/strong>, <strong>le projet fait partie des p\u00f4les de comp\u00e9titivit\u00e9s ou P\u00f4les Agricoles Int\u00e9gr\u00e9s (PAI) du Programme National d\u2019Investissement Agricole de 2<sup>\u00e8me<\/sup> g\u00e9n\u00e9ration (PNIA II 2018 &#8211; 2025), cadre programmatique des investissements publics et priv\u00e9s<\/strong>, avec pour objectif de stimuler la croissance, r\u00e9duire la pauvret\u00e9 et am\u00e9liorer la s\u00e9curit\u00e9 alimentaire. Il vise la mise en place d\u2019une architecture agro-industrielle physique pour la transformation des produits des fili\u00e8res cibl\u00e9es \u00e0 travers i) un (01) <strong>Hub central<\/strong> destin\u00e9 aux principales unit\u00e9s industrielles et services connexes (logistique, guichet unique, centre d\u2019homologation et de certification, etc.) et ii) <strong>cinq (05) Centres d\u2019Agr\u00e9gation et de Services (CAS)<\/strong> pour le stockage, le conditionnement secondaire et la transformation primaire des produits agricoles.<\/p><p style=\"text-align: left;\">Les objectifs sp\u00e9cifiques du projet pr\u00e9voient de\/d\u2019 :<\/p><ul><li style=\"text-align: left;\"><strong>Augmenter l\u2019investissement priv\u00e9<\/strong> dans la transformation des produits agricoles cibl\u00e9s (riz, ma\u00efs, arachide, l\u00e9gumes, ressources animales et halieutiques, pomme de cajou, graine de coton, mangue et karit\u00e9).<\/li><li style=\"text-align: left;\"><strong>Faciliter l\u2019acc\u00e8s aux march\u00e9s<\/strong> pour les agro-pasteurs gr\u00e2ce \u00e0 des infrastructures adapt\u00e9es et un renforcement de leurs capacit\u00e9s.<\/li><li style=\"text-align: left;\"><strong>Accro\u00eetre la productivit\u00e9 agro-pastorale<\/strong> en am\u00e9liorant les am\u00e9nagements hydroagricoles, les voies d\u2019acc\u00e8s aux march\u00e9s et en facilitant les services agricoles (acc\u00e8s aux financements, aux intrants et \u00e0 la m\u00e9canisation).<\/li><\/ul><p style=\"text-align: left;\">Le projet couvre <strong>quatre (4) r\u00e9gions du Nord<\/strong> (Poro, Bagou\u00e9, Tchologo et Hambol), qui repr\u00e9sentent <strong>26% du territoire national, 10% de la population<\/strong> et o\u00f9 l\u2019agriculture constitue <strong>60 &#8211; 65% des activit\u00e9s \u00e9conomiques<\/strong>. Il ambitionne de renforcer la r\u00e9silience des communaut\u00e9s face aux d\u00e9fis climatiques, environnementaux et \u00e9conomiques.<\/p><\/div>        <\/div>\n            <\/div>\n\n\t\t\t\t\t\t<\/div>\n\t\t\t\t<\/div>\n\t\t\t\t<\/div>\n\t\t<div class=\"has_eae_slider  elementor-element elementor-element-121b022 e-con-full e-flex e-con e-child\" data-eae-slider=\"49211\" id=\"e-n-tab-content-1483622722\" role=\"tabpanel\" aria-labelledby=\"e-n-tab-title-1483622722\" data-tab-index=\"2\" style=\"--n-tabs-title-order: 2;\" data-id=\"121b022\" data-element_type=\"container\">\n\t\t\t\t<div class=\"elementor-element elementor-element-66cf4fc elementor-widget__width-inherit eael-infobox-content-align--center elementor-widget elementor-widget-eael-info-box\" data-id=\"66cf4fc\" data-element_type=\"widget\" data-widget_type=\"eael-info-box.default\">\n\t\t\t\t<div class=\"elementor-widget-container\">\n\t\t\t\t\t        <div class=\"eael-infobox icon-on-top\">\n\t            <div class=\"infobox-content\">\n                    <div class=\"infobox-title-section\">\n                <h4 class=\"title\">II- AXES CLES DE LA VISION :<\/h4>            <\/div>\n            <div>&nbsp;\n<ol>\n \t<li style=\"list-style-type: none;\">\n<ol>\n \t<li style=\"text-align: left;\"><strong>Transformation agro-industrielle structur\u00e9e<\/strong> : D\u00e9velopper un <strong>\u00e9cosyst\u00e8me agro-industriel performant<\/strong>, articul\u00e9 autour d\u2019un hub central et de centres d\u2019agr\u00e9gation et de services, pour <strong>maximiser la valeur ajout\u00e9e<\/strong> des productions agricoles locales.<\/li>\n<\/ol>\n<\/li>\n<\/ol>\n&nbsp;\n<ol>\n \t<li style=\"list-style-type: none;\">\n<ol>\n \t<li style=\"text-align: left;\"><strong>Renforcement de la productivit\u00e9 et de la r\u00e9silience<\/strong> : Moderniser les infrastructures agricoles (barrages, p\u00e9rim\u00e8tres irrigu\u00e9s), faciliter l\u2019acc\u00e8s aux march\u00e9s, am\u00e9liorer l\u2019acc\u00e8s aux technologies \/ innovations et renforcer la <strong>r\u00e9silience des communaut\u00e9s face aux changements climatiques<\/strong>.<\/li>\n<\/ol>\n<\/li>\n<\/ol>\n&nbsp;\n<ol>\n \t<li style=\"list-style-type: none;\">\n<ol>\n \t<li style=\"text-align: left;\"><strong>Inclusion sociale et cr\u00e9ation d\u2019emplois<\/strong> : Favoriser la participation des <strong>jeunes, des femmes et des Petites et Moyennes Entreprises Agricoles (PMEA)<\/strong>, avec des dispositifs d\u2019accompagnement et d\u2019acc\u00e8s aux financements adapt\u00e9s.<\/li>\n<\/ol>\n<\/li>\n<\/ol>\n&nbsp;\n<ol>\n \t<li style=\"list-style-type: none;\">\n<ol>\n \t<li style=\"text-align: left;\"><strong>S\u00e9curisation des march\u00e9s et attractivit\u00e9 pour l\u2019investissement priv\u00e9<\/strong> : Encourager l\u2019<strong>investissement dans la transformation locale<\/strong>, r\u00e9duire la d\u00e9pendance aux importations, et positionner la C\u00f4te d\u2019Ivoire comme un <strong>acteur majeur des exportations agro-industrielles<\/strong>.<\/li>\n<\/ol>\n<\/li>\n<\/ol>\n&nbsp;\n<ol>\n \t<li style=\"list-style-type: none;\">\n<ol>\n \t<li style=\"text-align: left;\"><strong>Durabilit\u00e9 et impact environnemental positif<\/strong> : Adopter des <strong>pratiques agricoles durables<\/strong>, promouvoir l\u2019agroforesterie, l\u2019\u00e9conomie circulaire et l\u2019innovation verte pour <strong>prot\u00e9ger les ressources naturelles<\/strong>.<\/li>\n<\/ol>\n<\/li>\n<\/ol>\n&nbsp;\n<p style=\"text-align: left;\">Cette vision repose sur une <strong>approche inclusive et partenariale<\/strong>, int\u00e9grant le secteur priv\u00e9 (investisseurs), les partenaires techniques (BNETD, AGEROUTE, CEPICI, CI-PME, ANADER, FIRCA, ADERIZ, SODEFOR, INP-HB, UPGC), les institutions locales (District, Conseils R\u00e9gionaux), les faiti\u00e8res et les communaut\u00e9s rurales afin de cr\u00e9er une dynamique \u00e9conomique <strong>p\u00e9renne et int\u00e9gr\u00e9e<\/strong>.<\/p><\/div>        <\/div>\n            <\/div>\n\n\t\t\t\t\t\t<\/div>\n\t\t\t\t<\/div>\n\t\t\t\t<\/div>\n\t\t<div class=\"has_eae_slider  elementor-element elementor-element-8bc10f3 e-con-full e-flex e-con e-child\" data-eae-slider=\"39053\" id=\"e-n-tab-content-1483622723\" role=\"tabpanel\" aria-labelledby=\"e-n-tab-title-1483622723\" data-tab-index=\"3\" style=\"--n-tabs-title-order: 3;\" data-id=\"8bc10f3\" data-element_type=\"container\">\n\t\t\t\t<div class=\"elementor-element elementor-element-0b93c44 elementor-widget__width-inherit eael-infobox-content-align--center elementor-widget elementor-widget-eael-info-box\" data-id=\"0b93c44\" data-element_type=\"widget\" data-widget_type=\"eael-info-box.default\">\n\t\t\t\t<div class=\"elementor-widget-container\">\n\t\t\t\t\t        <div class=\"eael-infobox icon-on-top\">\n\t            <div class=\"infobox-content\">\n                    <div class=\"infobox-title-section\">\n                <h4 class=\"title\">III- L\u2019AMBITION :<\/h4>            <\/div>\n            <div><p style=\"text-align: left;\">\u00a0<\/p><p style=\"text-align: center;\"><b>\u00ab\u00a0Innovation, Agro-transformation, Durabilit\u00e9, Inclusion, Croissance\u00a0\u00bb.<\/b><\/p><p style=\"text-align: justify;\">Ces termes refl\u00e8tent l\u2019ambition du projet de moderniser l\u2019agriculture, structurer l\u2019agro-industrie, garantir un d\u00e9veloppement durable et cr\u00e9er des opportunit\u00e9s inclusives.<\/p><\/div>        <\/div>\n            <\/div>\n\n\t\t\t\t\t\t<\/div>\n\t\t\t\t<\/div>\n\t\t\t\t<\/div>\n\t\t<div class=\"has_eae_slider  elementor-element elementor-element-e1d61ab e-con-full e-flex e-con e-child\" data-eae-slider=\"2481\" id=\"e-n-tab-content-1483622724\" role=\"tabpanel\" aria-labelledby=\"e-n-tab-title-1483622724\" data-tab-index=\"4\" style=\"--n-tabs-title-order: 4;\" data-id=\"e1d61ab\" data-element_type=\"container\">\n\t\t\t\t<div class=\"elementor-element elementor-element-35c7f6f elementor-widget__width-inherit eael-infobox-content-align--center elementor-widget elementor-widget-eael-info-box\" data-id=\"35c7f6f\" data-element_type=\"widget\" data-widget_type=\"eael-info-box.default\">\n\t\t\t\t<div class=\"elementor-widget-container\">\n\t\t\t\t\t        <div class=\"eael-infobox icon-on-top\">\n\t            <div class=\"infobox-content\">\n                    <div class=\"infobox-title-section\">\n                <h4 class=\"title\">IV- LES MISSIONS :<\/h4>            <\/div>\n            <div><p style=\"text-align: left;\">Le <strong>Projet de P\u00f4le Agro-Industriel dans le Nord (2PAI-NORD)<\/strong> vise \u00e0 transformer l\u2019agriculture du nord de la C\u00f4te d\u2019Ivoire en <strong>un levier de d\u00e9veloppement \u00e9conomique, social et environnemental<\/strong>. Il s\u2019inscrit dans une dynamique de modernisation agricole et de d\u00e9veloppement \u00e9conomique inclusif.<\/p>\n<p style=\"text-align: left;\">Ses missions se d\u00e9clinent en plusieurs axes strat\u00e9giques :<\/p>\n\n<ol style=\"text-align: left;\">\n \t<li><strong>D\u00e9veloppement de l\u2019Agro-Industrie\u00a0:<\/strong><\/li>\n<\/ol>\n<ul style=\"text-align: left;\">\n \t<li><strong>Cr\u00e9er un hub agro-industriel performant et cinq (5) Centres d\u2019Agr\u00e9gation et de Service<\/strong> <strong>(CAS)<\/strong> pour structurer et moderniser les fili\u00e8res agricoles.<\/li>\n \t<li><strong>Encourager la transformation locale<\/strong> des productions agricoles (riz, ma\u00efs, arachide, l\u00e9gumes, ressources animales et halieutiques, pomme de cajou, graine de coton, mangue et karit\u00e9).<\/li>\n \t<li><strong>Promouvoir les investissements priv\u00e9s<\/strong> et faciliter l\u2019implantation d\u2019unit\u00e9s industrielles.<\/li>\n<\/ul>&nbsp;\n<ol style=\"text-align: left;\" start=\"2\">\n \t<li><strong>Am\u00e9lioration de la Productivit\u00e9 Agricole\u00a0:<\/strong><\/li>\n<\/ol>\n<ul style=\"text-align: left;\">\n \t<li><strong>Renforcer les infrastructures de production <\/strong>(6 barrages hydroagricoles, 10 barrages agro-pastoraux, 5000 hectares de p\u00e9rim\u00e8tres irrigu\u00e9s et jardins mara\u00eechers).<\/li>\n \t<li><strong>Moderniser les techniques agricoles<\/strong> en diffusant des pratiques climato-intelligentes.<\/li>\n \t<li><strong>D\u00e9velopper les capacit\u00e9s des agriculteurs<\/strong> par la formation et l\u2019acc\u00e8s \u00e0 des services appropri\u00e9s et de qualit\u00e9.<\/li>\n<\/ul>&nbsp;\n<ol style=\"text-align: left;\" start=\"3\">\n \t<li><strong>Cr\u00e9ation d\u2019emplois et inclusion sociale\u00a0:<\/strong><\/li>\n<\/ol>\n<ul style=\"text-align: left;\">\n \t<li><strong>Renforcer le dispositif d\u2019incubation, former et incuber 1000 jeunes entrepreneurs<\/strong> dans les fili\u00e8res agro-pastorales et l\u2019agro-industrie.<\/li>\n \t<li><strong>Faciliter l\u2019acc\u00e8s des femmes et des jeunes<\/strong> aux financements et aux terres agricoles.<\/li>\n \t<li><strong>Encourager la cr\u00e9ation de Petites et Moyennes Entreprises Agricoles (PMEA) et renforcer les interprofessions des fili\u00e8res prioritaires<\/strong>.<\/li>\n<\/ul>&nbsp;\n<ol style=\"text-align: left;\" start=\"4\">\n \t<li><strong>S\u00e9curisation des march\u00e9s et acc\u00e8s aux financements\u00a0:<\/strong><\/li>\n<\/ol>\n<ul style=\"text-align: left;\">\n \t<li><strong>R\u00e9habiliter 1200 km de pistes rurales<\/strong> pour d\u00e9senclaver les zones de production et faciliter l\u2019acc\u00e8s aux march\u00e9s.<\/li>\n \t<li><strong>Mettre en place une plateforme digitale d&#8217;Acc\u00e8s aux Services Agricoles<\/strong> pour connecter les march\u00e9s et les acteurs des chaines de valeur.<\/li>\n \t<li><strong>Faciliter l\u2019acc\u00e8s aux financements agricoles<\/strong> \u00e0 travers la mise en place d\u2019un Fonds de D\u00e9veloppement des Chaines de Valeur et d\u2019un Fonds de D\u00e9veloppement de la M\u00e9canisation Agricole.<\/li>\n<\/ul>&nbsp;\n<ol style=\"text-align: left;\" start=\"5\">\n \t<li><strong>Durabilit\u00e9 et r\u00e9silience face aux d\u00e9fis climatiques\u00a0:<\/strong><\/li>\n<\/ol>\n<ul>\n \t<li style=\"text-align: left;\"><strong>Promouvoir l\u2019agriculture durable<\/strong> avec la mise en place de vergers agroforestiers (5000 ha).<\/li>\n \t<li style=\"text-align: left;\"><strong>Faciliter l\u2019acc\u00e8s \u00e0 l\u2019assurance agricole<\/strong> pour r\u00e9duire les risques climatiques.<\/li>\n \t<li style=\"text-align: left;\"><strong>Encourager l\u2019utilisation d\u2019\u00e9nergies alternatives et de technologies vertes<\/strong>.<\/li>\n<\/ul><\/div>        <\/div>\n            <\/div>\n\n\t\t\t\t\t\t<\/div>\n\t\t\t\t<\/div>\n\t\t\t\t<\/div>\n\t\t<div class=\"has_eae_slider  elementor-element elementor-element-5eb81f0 e-con-full e-flex e-con e-child\" data-eae-slider=\"17\" id=\"e-n-tab-content-1483622725\" role=\"tabpanel\" aria-labelledby=\"e-n-tab-title-1483622725\" data-tab-index=\"5\" style=\"--n-tabs-title-order: 5;\" data-id=\"5eb81f0\" data-element_type=\"container\">\n\t\t\t\t<div class=\"elementor-element elementor-element-c6ffeee elementor-widget__width-inherit eael-infobox-content-align--center elementor-widget elementor-widget-eael-info-box\" data-id=\"c6ffeee\" data-element_type=\"widget\" data-widget_type=\"eael-info-box.default\">\n\t\t\t\t<div class=\"elementor-widget-container\">\n\t\t\t\t\t        <div class=\"eael-infobox icon-on-top\">\n\t            <div class=\"infobox-content\">\n                    <div class=\"infobox-title-section\">\n                <h4 class=\"title\">V- LES RESULTATS ATTENDUS :<\/h4>            <\/div>\n            <div><p style=\"text-align: left;\">Le <strong>Projet de P\u00f4le Agro-Industriel dans le Nord (2PAI-NORD)<\/strong> vise \u00e0 g\u00e9n\u00e9rer une transformation \u00e9conomique et sociale gr\u00e2ce \u00e0 la cr\u00e9ation d&#8217;emplois dans les fili\u00e8res agro-pastorales et agro-industrielles. Les <strong>r\u00e9sultats attendus<\/strong> du projet se d\u00e9clinent en :<\/p><ol style=\"text-align: left;\"><li><strong>Cr\u00e9ation d\u2019emplois directs et indirects\u00a0:<\/strong><\/li><\/ol><ul style=\"text-align: left;\"><li><strong>25 000 emplois directs<\/strong> g\u00e9n\u00e9r\u00e9s par les activit\u00e9s agricoles et agro-industrielles.<\/li><li><strong>45 000 emplois indirects<\/strong> issus des cha\u00eenes de valeur (logistique, distribution, services financiers) et de la mise en march\u00e9.<\/li><li><strong>Augmentation des opportunit\u00e9s d\u2019entrepreneuriat<\/strong> pour les jeunes et femmes dans les fili\u00e8res cibl\u00e9es.<\/li><\/ul><ol style=\"text-align: left;\" start=\"2\"><li><strong>Insertion professionnelle et soutien aux jeunes\u00a0:<\/strong><\/li><\/ol><ul style=\"text-align: left;\"><li><strong>1 000 jeunes entrepreneurs agricoles<\/strong> incub\u00e9s et accompagn\u00e9s.<\/li><li><strong>Cr\u00e9ation et consolidation d\u2019au moins 300 PME agricoles<\/strong>, dont 40 % au profit par des femmes et des jeunes.<\/li><li><strong>Acc\u00e8s facilit\u00e9 aux financements<\/strong> \u00e0 travers des dispositifs sp\u00e9cifiques (Fonds de D\u00e9veloppement des Cha\u00eenes de Valeur, Fonds de D\u00e9veloppement de la M\u00e9canisation Agricole).<\/li><\/ul><ol style=\"text-align: left;\" start=\"3\"><li><strong>Emplois dans la transformation agro-industrielle\u00a0:<\/strong><\/li><\/ol><ul style=\"text-align: left;\"><li><strong>Cr\u00e9ation d\u2019unit\u00e9s de transformation<\/strong> pour accro\u00eetre l\u2019offre d\u2019emplois qualifi\u00e9s (ing\u00e9nieurs, techniciens, machinistes, op\u00e9rateurs, etc.).<\/li><li><strong>D\u00e9veloppement d\u2019agro-parcs <\/strong>pour structurer et moderniser les fili\u00e8res prioritaires.<\/li><li><strong>Renforcement du secteur priv\u00e9<\/strong> gr\u00e2ce aux incitations et infrastructures attractives.<\/li><\/ul><ol style=\"text-align: left;\" start=\"4\"><li><strong>Dynamisation des fili\u00e8res agricoles\u00a0:<\/strong><\/li><\/ol><ul style=\"text-align: left;\"><li><strong>Augmentation de la productivit\u00e9 agricole<\/strong> entra\u00eenant une demande accrue de main-d\u2019\u0153uvre.<\/li><li><strong>Renforcement des comp\u00e9tences locales<\/strong> avec des formations adapt\u00e9es aux besoins du march\u00e9.<\/li><li><strong>S\u00e9curisation du foncier et soutien aux agriculteurs<\/strong> pour stabiliser et professionnaliser l\u2019emploi rural.<\/li><\/ul><ol style=\"text-align: left;\" start=\"5\"><li><strong>Impact socio-\u00e9conomique durable\u00a0:<\/strong><\/li><\/ol><ul style=\"text-align: left;\"><li><strong>Am\u00e9lioration des revenus des populations<\/strong> gr\u00e2ce \u00e0 des emplois plus stables et r\u00e9mun\u00e9rateurs.<\/li><li><strong>R\u00e9duction du ch\u00f4mage et du sous-emploi<\/strong> dans les r\u00e9gions du Nord.<\/li><li><strong>Int\u00e9gration des femmes et des jeunes<\/strong> dans les nouveaux mod\u00e8les \u00e9conomiques.<\/li><\/ul><p style=\"text-align: left;\">Le projet est con\u00e7u pour <strong>stimuler durablement l\u2019emploi<\/strong>, en structurant les fili\u00e8res agricoles et en renfor\u00e7ant les opportunit\u00e9s d\u2019investissement et d\u2019entrepreneuriat.<\/p><\/div>        <\/div>\n            <\/div>\n\n\t\t\t\t\t\t<\/div>\n\t\t\t\t<\/div>\n\t\t\t\t<\/div>\n\t\t<div class=\"has_eae_slider  elementor-element elementor-element-244c764 e-con-full e-flex e-con e-child\" data-eae-slider=\"68654\" id=\"e-n-tab-content-1483622726\" role=\"tabpanel\" aria-labelledby=\"e-n-tab-title-1483622726\" data-tab-index=\"6\" style=\"--n-tabs-title-order: 6;\" data-id=\"244c764\" data-element_type=\"container\">\n\t\t\t\t<div class=\"elementor-element elementor-element-6a04c15 elementor-widget__width-inherit eael-infobox-content-align--center elementor-widget elementor-widget-eael-info-box\" data-id=\"6a04c15\" data-element_type=\"widget\" data-widget_type=\"eael-info-box.default\">\n\t\t\t\t<div class=\"elementor-widget-container\">\n\t\t\t\t\t        <div class=\"eael-infobox icon-on-top\">\n\t            <div class=\"infobox-content\">\n                    <div class=\"infobox-title-section\">\n                <h4 class=\"title\">VI- INDICATEURS CLES DE PERFORMANCE :<\/h4>            <\/div>\n            <div><p style=\"text-align: left;\">Les <strong>principaux indicateurs de succ\u00e8s<\/strong> pour le <strong>Projet de P\u00f4le Agro-Industriel dans le Nord (2PAI-NORD) <\/strong>sont les suivants :<\/p>\n\n<ol style=\"text-align: left;\">\n \t<li><strong>Indicateurs \u00e9conomiques et financiers\u00a0:<\/strong><\/li>\n<\/ol>\n<ul style=\"text-align: left;\">\n \t<li><strong>Montant cumul\u00e9 des investissements priv\u00e9s<\/strong> : Objectif de <strong>130 milliards de Francs CFA<\/strong> <strong>(200 millions d\u2019euros)<\/strong> mobilis\u00e9s pour l\u2019agro-industrie.<\/li>\n \t<li><strong>Taux de rentabilit\u00e9 \u00e9conomique<\/strong> pour les opportunit\u00e9s d\u2019investissement dans l\u2019agro-industrie : Sup\u00e9rieur \u00e0 <strong>24%<\/strong>.<\/li>\n \t<li><strong>Augmentation du volume de transformation des mati\u00e8res premi\u00e8res<\/strong> : Objectif de <strong>400 000 T<\/strong><\/li>\n<\/ul>\n<p style=\"text-align: left;\">[Mangue\u00a0: 20 000 T (\u205313%) ; Karit\u00e9\u00a0: 45 000 T (\u205318%) ; Pomme de cajou\u00a0: 200 000 T (\u20535%) ; Graine de coton\u00a0: 50 000 T (\u20539%)\u00a0; Ma\u00efs\u00a0: 50 000 t\/an (\u20538%) ; Arachide\u00a0: 10 000 T (\u20535%) ; Viande (bovine, ovine, porcine, volaille)\u00a0: 10 000 T (\u205315%)].<\/p>\n\n<ol style=\"text-align: left;\" start=\"2\">\n \t<li><strong>Indicateurs de production et de productivit\u00e9\u00a0:<\/strong><\/li>\n<\/ol>\n<ul style=\"text-align: left;\">\n \t<li><strong>Nombre de retenues d\u2019eau renforc\u00e9s<\/strong> : <strong>6 barrages hydroagricoles <\/strong>(dont 5 r\u00e9habilit\u00e9s et 1 construit) et <strong>10 barrages pastoraux <\/strong>r\u00e9habilit\u00e9s.<\/li>\n \t<li><strong>Superficie am\u00e9nag\u00e9e en p\u00e9rim\u00e8tres irrigu\u00e9s et jardins mara\u00eechers <\/strong>\u00a0: <strong>5000 hectares<\/strong> d\u00e9velopp\u00e9s.<\/li>\n \t<li><strong>Rendement agricole am\u00e9lior\u00e9<\/strong> (de 50 \u00e0 100%) : Augmentation de la production du <strong>riz irrigu\u00e9 de 4 T\/ha \u00e0 8 T\/ha<\/strong> et du <strong>ma\u00efs de 2 T\/ha \u00e0 6 T\/ha<\/strong>.<\/li>\n<\/ul>\n&nbsp;\n<ol style=\"text-align: left;\" start=\"3\">\n \t<li><strong>Indicateurs sociaux<\/strong><\/li>\n<\/ol>\n<ul style=\"text-align: left;\">\n \t<li><strong>Cr\u00e9ation d\u2019emplois<\/strong> : Objectif de <strong>25 000 emplois directs<\/strong> et <strong>45 000 emplois indirects<\/strong>.<\/li>\n \t<li><strong>B\u00e9n\u00e9ficiaires du projet<\/strong> : <strong>400 000 b\u00e9n\u00e9ficiaires directs<\/strong> et <strong>1,2 million indirects<\/strong> (avec 51% de femmes et 50% de jeunes).<\/li>\n \t<li><strong>Taux de s\u00e9curit\u00e9 alimentaire<\/strong> : Augmentation de <strong>22% \u00e0 32%<\/strong>.<\/li>\n \t<li><strong>Nombre d\u2019incubateurs et jeunes form\u00e9s<\/strong> : <strong>1 000 jeunes entrepreneurs agricoles<\/strong> accompagn\u00e9s.<\/li>\n<\/ul>\n&nbsp;\n<ol style=\"text-align: left;\" start=\"4\">\n \t<li><strong>Indicateurs d\u2019infrastructures et d\u2019acc\u00e8s au march\u00e9<\/strong><\/li>\n<\/ol>\n<ul style=\"text-align: left;\">\n \t<li><strong>Longueur des pistes rurales r\u00e9habilit\u00e9es<\/strong> : <strong>1 200 km<\/strong> pour le d\u00e9senclavement des bassins de production et des march\u00e9s.<\/li>\n \t<li><strong>Cr\u00e9er un hub agro-industriel performant et construction de cinq (5) Centres d\u2019Agr\u00e9gation et de Services (CAS)<\/strong> pour le stockage et la transformation des produits agricoles.<\/li>\n \t<li><strong>Mise en place d\u2019une plateforme num\u00e9rique d\u2019acc\u00e8s aux services agricoles<\/strong> pour l\u2019information et la mise en relation des acteurs.<\/li>\n<\/ul>\n&nbsp;\n<ol style=\"text-align: left;\" start=\"5\">\n \t<li><strong>Indicateurs environnementaux et climatiques<\/strong><\/li>\n<\/ol>\n<ul style=\"text-align: left;\">\n \t<li><strong>R\u00e9habilitation et mise en place de vergers<\/strong> : <strong>5000 hectares de manguiers, anacardiers et karit\u00e9s<\/strong>.<\/li>\n \t<li><strong>Acc\u00e8s \u00e0 l\u2019assurance agricole<\/strong> : <strong>3000 exploitants agricoles couverts<\/strong> contre les risques climatiques.<\/li>\n \t<li><strong>R\u00e9duction de la d\u00e9pendance aux \u00e9nergies fossiles<\/strong> : Distribution de <strong>10 000 foyers am\u00e9lior\u00e9s <\/strong>et <strong>kits d\u2019\u00e9nergie solaire <\/strong>aux m\u00e9nages les plus d\u00e9favoris\u00e9s.<\/li>\n<\/ul>\n&nbsp;\n<ol style=\"text-align: left;\" start=\"6\">\n \t<li><strong>Indicateurs de gouvernance et suivi-\u00e9valuation<\/strong><\/li>\n<\/ol>\n<ul style=\"text-align: left;\">\n \t<li><strong>Publication de rapports trimestriels et annuels<\/strong> sur l\u2019\u00e9tat d\u2019avancement du projet.<\/li>\n \t<li><strong>Mise en place d\u2019un m\u00e9canisme de gestion des plaintes<\/strong> et suivi des impacts.<\/li>\n \t<li><strong>R\u00e9vision \u00e0 mi-parcours<\/strong> pour ajustements strat\u00e9giques.<\/li>\n \t<li><strong>Evaluation finale <\/strong>pour la redevabilit\u00e9.<\/li>\n<\/ul>\n<p style=\"text-align: left;\">Ces indicateurs permettront d\u2019\u00e9valuer <strong>l\u2019impact r\u00e9el du projet sur l\u2019\u00e9conomie, la production agricole, le d\u00e9veloppement social et la durabilit\u00e9 environnementale<\/strong>.<\/p><\/div>        <\/div>\n            <\/div>\n\n\t\t\t\t\t\t<\/div>\n\t\t\t\t<\/div>\n\t\t\t\t<\/div>\n\t\t<div class=\"has_eae_slider  elementor-element elementor-element-2f11c31 e-con-full e-flex e-con e-child\" data-eae-slider=\"75340\" id=\"e-n-tab-content-1483622727\" role=\"tabpanel\" aria-labelledby=\"e-n-tab-title-1483622727\" data-tab-index=\"7\" style=\"--n-tabs-title-order: 7;\" data-id=\"2f11c31\" data-element_type=\"container\">\n\t\t\t\t<div class=\"elementor-element elementor-element-1be406b elementor-widget__width-inherit eael-infobox-content-align--center elementor-widget elementor-widget-eael-info-box\" data-id=\"1be406b\" data-element_type=\"widget\" data-widget_type=\"eael-info-box.default\">\n\t\t\t\t<div class=\"elementor-widget-container\">\n\t\t\t\t\t        <div class=\"eael-infobox icon-on-top\">\n\t            <div class=\"infobox-content\">\n                    <div class=\"infobox-title-section\">\n                <h4 class=\"title\">VII- ENGAGEMENTS<\/h4>            <\/div>\n            <div><p style=\"text-align: left;\">Le <strong>Projet de P\u00f4le Agro-Industriel dans le Nord (2PAI-NORD)<\/strong> repose sur plusieurs <strong>engagements strat\u00e9giques<\/strong> visant \u00e0 garantir son succ\u00e8s et son impact durable. Voici les principaux engagements du projet :<\/p><ol style=\"text-align: left;\"><li><strong>Engagements \u00e9conomiques et industriels<\/strong><\/li><\/ol><ul style=\"text-align: left;\"><li><strong>D\u00e9veloppement d\u2019un hub agro-industriel structur\u00e9<\/strong> <strong>en relation avec des Centres d\u2019Agr\u00e9gation de proximit\u00e9<\/strong> pour maximiser la valeur ajout\u00e9e des fili\u00e8res agricoles<\/li><li><strong>Attraction de l\u2019investissement priv\u00e9<\/strong> avec un objectif de <strong>130 milliards de Francs CFA<\/strong> (<strong>200 millions d\u2019euros) mobilis\u00e9s<\/strong>.<\/li><li><strong>Augmentation des capacit\u00e9s de transformation agro-industrielle<\/strong> des productions locales.<\/li><li><strong>Renforcement de la comp\u00e9titivit\u00e9 des fili\u00e8res prioritaires<\/strong> (mangue, karit\u00e9, coton, anacarde, ma\u00efs, riz, l\u00e9gumes, arachide).<\/li><\/ul><ol style=\"text-align: left;\" start=\"2\"><li><strong>Engagements agricoles et environnementaux<\/strong><\/li><\/ol><ul style=\"text-align: left;\"><li><strong>Renforcement de 6 barrages hydro-agricoles et am\u00e9nagement de 5000 hectares de p\u00e9rim\u00e8tres irrigu\u00e9s et de jardins mara\u00eechers<\/strong> pour am\u00e9liorer la r\u00e9silience climatique.<\/li><li><strong>Promotion de l\u2019agriculture intelligente face au climat<\/strong>, avec des techniques de conservation des sols et des syst\u00e8mes d\u2019irrigation durables.<\/li><li><strong>R\u00e9duction de l\u2019empreinte \u00e9cologique<\/strong> en int\u00e9grant des \u00e9nergies renouvelables et des m\u00e9thodes de production durable.<\/li><li><strong>Protection et r\u00e9habilitation des vergers agroforestiers<\/strong> (5000 hectares de manguiers, anacardiers et karit\u00e9s).<\/li><\/ul><ol style=\"text-align: left;\" start=\"3\"><li><strong>Engagements sociaux et humains<\/strong><\/li><\/ol><ul style=\"text-align: left;\"><li><strong>Cr\u00e9ation de 25 000 emplois directs et 45 000 emplois indirects<\/strong> pour dynamiser l\u2019\u00e9conomie locale.<\/li><li><strong>Incubation et formation de 1 000 jeunes entrepreneurs agricoles<\/strong> pour favoriser l\u2019auto-emploi.<\/li><li><strong>Accompagnement de 300 PME agricoles<\/strong>, dont <strong>40% au profit des femmes et des jeunes<\/strong>.<\/li><li><strong>Renforcement des capacit\u00e9s des agriculteurs et agro-industriels<\/strong> \u00e0 travers des formations et l\u2019acc\u00e8s aux financements.<\/li><\/ul><ol style=\"text-align: left;\" start=\"4\"><li><strong>Engagements en mati\u00e8re de gouvernance et de suivi<\/strong><\/li><\/ol><ul style=\"text-align: left;\"><li><strong>Mise en place d\u2019une gouvernance transparente<\/strong>, avec un Comit\u00e9 de Pilotage, un Comit\u00e9 Technique, un Cadre R\u00e9gional de Concertation (CRC) et un m\u00e9canisme de suivi-\u00e9valuation.<\/li><li><strong>D\u00e9ploiement d\u2019un syst\u00e8me de suivi des r\u00e9sultats<\/strong> bas\u00e9 sur des indicateurs de performance pr\u00e9cis.<\/li><li><strong>Application des mesures environnementales et sociales<\/strong> (PGES, PAR) pour minimiser les impacts du projet.<\/li><li><strong>Engagement \u00e0 assurer la viabilit\u00e9 \u00e9conomique<\/strong> du projet sur le long terme.<\/li><\/ul><ol style=\"text-align: left;\" start=\"5\"><li><strong>Engagements en mati\u00e8re de d\u00e9veloppement durable<\/strong><\/li><\/ol><ul style=\"text-align: left;\"><li><strong>S\u00e9curisation du foncier et facilitation de l\u2019acc\u00e8s \u00e0 la terre<\/strong> pour les exploitants agricoles.<\/li><li><strong>Renforcement de la s\u00e9curit\u00e9 alimentaire<\/strong>, avec un objectif de hausse du taux de <strong>22% \u00e0 32%<\/strong>.<\/li><li><strong>Facilitation de l\u2019acc\u00e8s aux financements<\/strong> avec des dispositifs de cr\u00e9dit et d\u2019assurance agricole.<\/li><li><strong>Promotion des pratiques agro\u00e9cologiques et de l\u2019innovation technologique<\/strong> dans les fili\u00e8res agricoles.<\/li><\/ul><p style=\"text-align: left;\">Ces engagements garantissent que le projet <strong>r\u00e9pond aux besoins des populations locales, renforce les fili\u00e8res agricoles et agro-industrielles, et assure une transformation durable du secteur<\/strong>.<\/p><\/div>        <\/div>\n            <\/div>\n\n\t\t\t\t\t\t<\/div>\n\t\t\t\t<\/div>\n\t\t\t\t<\/div>\n\t\t<div class=\"has_eae_slider  elementor-element elementor-element-f09e382 e-con-full e-flex e-con e-child\" data-eae-slider=\"69732\" id=\"e-n-tab-content-1483622728\" role=\"tabpanel\" aria-labelledby=\"e-n-tab-title-1483622728\" data-tab-index=\"8\" style=\"--n-tabs-title-order: 8;\" data-id=\"f09e382\" data-element_type=\"container\">\n\t\t\t\t<div class=\"elementor-element elementor-element-dc06e2a elementor-widget__width-inherit eael-infobox-content-align--center elementor-widget elementor-widget-eael-info-box\" data-id=\"dc06e2a\" data-element_type=\"widget\" data-widget_type=\"eael-info-box.default\">\n\t\t\t\t<div class=\"elementor-widget-container\">\n\t\t\t\t\t        <div class=\"eael-infobox icon-on-top\">\n\t            <div class=\"infobox-content\">\n                    <div class=\"infobox-title-section\">\n                <h4 class=\"title\">VIII-\tIMPACTS SUR LES BENEFICIAIRES ET LES ACTEURS<\/h4>            <\/div>\n            <div><p style=\"text-align: left;\">Le <strong>Projet de P\u00f4le Agro-Industriel dans le Nord (2PAI-NORD)<\/strong> a un impact significatif sur les b\u00e9n\u00e9ficiaires et les acteurs impliqu\u00e9s. Les effets majeurs sont :<\/p><p style=\"text-align: left;\"><strong>Impact sur les b\u00e9n\u00e9ficiaires<\/strong><\/p><ol style=\"text-align: left;\"><li><strong>Am\u00e9lioration des revenus des agriculteurs<\/strong> : En facilitant l\u2019acc\u00e8s aux march\u00e9s et en augmentant la productivit\u00e9, les producteurs locaux voient leurs revenus progresser.<\/li><li><strong>Cr\u00e9ation d\u2019emplois<\/strong> : Le projet g\u00e9n\u00e8re des opportunit\u00e9s d\u2019emploi, notamment pour les jeunes et les femmes, dans les secteurs agricoles et agro-industriels.<\/li><li><strong>S\u00e9curit\u00e9 alimentaire renforc\u00e9e<\/strong> : En d\u00e9veloppant la transformation des produits agricoles, le projet contribue \u00e0 r\u00e9duire la d\u00e9pendance aux importations alimentaires.<\/li><li><strong>Acc\u00e8s aux infrastructures modernes<\/strong> : les zones de transformation agricoles (agro-parcs), les am\u00e9nagements hydroagricoles et les voies d\u2019acc\u00e8s facilitent le transport et la commercialisation des produits.<\/li><\/ol><p style=\"text-align: left;\"><strong>Impact sur les acteurs<\/strong><\/p><ol><li style=\"text-align: left;\"><strong>Investisseurs priv\u00e9s<\/strong> : Le projet attire des investissements dans la transformation agro-industrielle, stimulant ainsi l\u2019\u00e9conomie locale.<\/li><li style=\"text-align: left;\"><strong>Institutions gouvernementales<\/strong> : Il s\u2019inscrit dans le <strong>Programme National de D\u00e9veloppement (PND 2021-2025)<\/strong> et soutient les politiques de d\u00e9veloppement agricole dont le <strong>Programme National d\u2019Investissement Agricole de 2<sup>\u00e8me<\/sup> g\u00e9n\u00e9ration (PNIA II 2018 &#8211; 2025)<\/strong>.<\/li><li style=\"text-align: left;\"><strong>Organisations agricoles et coop\u00e9ratives<\/strong> : Elles b\u00e9n\u00e9ficient de formations et d\u2019un meilleur acc\u00e8s aux intrants, services agricoles et financements.<\/li><li style=\"text-align: left;\"><strong>Communaut\u00e9s locales<\/strong> : Le projet renforce la r\u00e9silience face aux d\u00e9fis climatiques, environnementaux et \u00e9conomiques, am\u00e9liorant ainsi les conditions de vie.<\/li><\/ol><\/div>        <\/div>\n            <\/div>\n\n\t\t\t\t\t\t<\/div>\n\t\t\t\t<\/div>\n\t\t\t\t<\/div>\n\t\t<div class=\"has_eae_slider  elementor-element elementor-element-a2c81fc e-con-full e-flex e-con e-child\" data-eae-slider=\"40755\" id=\"e-n-tab-content-1483622729\" role=\"tabpanel\" aria-labelledby=\"e-n-tab-title-1483622729\" data-tab-index=\"9\" style=\"--n-tabs-title-order: 9;\" data-id=\"a2c81fc\" data-element_type=\"container\">\n\t\t\t\t<div class=\"elementor-element elementor-element-979839f elementor-widget__width-inherit eael-infobox-content-align--center elementor-widget elementor-widget-eael-info-box\" data-id=\"979839f\" data-element_type=\"widget\" data-widget_type=\"eael-info-box.default\">\n\t\t\t\t<div class=\"elementor-widget-container\">\n\t\t\t\t\t        <div class=\"eael-infobox icon-on-top\">\n\t            <div class=\"infobox-content\">\n                    <div class=\"infobox-title-section\">\n                <h4 class=\"title\">IX- CADRE DE MESURE DES RESULTATS :<\/h4>            <\/div>\n            <div><p style=\"text-align: left;\">Ce cadre permet de suivre et d\u2019\u00e9valuer les <strong>r\u00e9sultats et impacts<\/strong> du <strong>Projet de P\u00f4le Agro-Industriel dans le Nord (2PAI-NORD)<\/strong> en s\u2019appuyant sur des indicateurs cl\u00e9s.<\/p><ol style=\"text-align: left;\"><li><strong>Objectifs g\u00e9n\u00e9raux :<\/strong><strong>\u00a0<\/strong><\/li><\/ol><ul style=\"text-align: left;\"><li><strong>Appui au secteur priv\u00e9 et aux institutions<\/strong> : Encourager l\u2019investissement priv\u00e9 et renforcer les capacit\u00e9s des institutions impliqu\u00e9es dans le d\u00e9veloppement agro-industriel.<\/li><li><strong>Valorisation des fili\u00e8res agro-sylvo-pastorales et halieutiques<\/strong> : Am\u00e9liorer la transformation et la commercialisation des produits agricoles pour accro\u00eetre leur valeur ajout\u00e9e.<\/li><li><strong>Augmentation durable de la productivit\u00e9<\/strong> : Mettre en place des infrastructures et des services pour am\u00e9liorer la productivit\u00e9 agro-pastorale et halieutique.<\/li><li><strong>Coordination et suivi-\u00e9valuation<\/strong> : Assurer une gestion efficace du projet et suivre son impact sur les b\u00e9n\u00e9ficiaires et l\u2019\u00e9conomie locale.<\/li><\/ul><ol style=\"text-align: left;\" start=\"2\"><li><strong>Objectifs sp\u00e9cifiques\u00a0:<\/strong><\/li><\/ol><ul style=\"text-align: left;\"><li><strong>D\u00e9veloppement du secteur agro-industriel<\/strong> dans le Nord de la C\u00f4te d\u2019Ivoire.<\/li><li><strong>Renforcement de la productivit\u00e9 agricole et agro-pastorale<\/strong>.<\/li><li><strong>Cr\u00e9ation d\u2019emplois et am\u00e9lioration des revenus des populations rurales<\/strong>.<\/li><li><strong>R\u00e9duction de la d\u00e9pendance aux importations alimentaires<\/strong>.<\/li><li><strong>Augmentation de la transformation locale des produits agricoles<\/strong>.<\/li><li><strong>Promotion de la durabilit\u00e9 et de la r\u00e9silience climatique<\/strong>.<\/li><\/ul><ol style=\"text-align: left;\" start=\"3\"><li><strong>Indicateurs de r\u00e9sultats et d\u2019impact\u00a0:<\/strong><\/li><\/ol><table class=\" alignleft\" width=\"706\"><thead><tr><td><p><strong>Objectif<\/strong><\/p><\/td><td><p><strong>Indicateur<\/strong><\/p><\/td><td width=\"79\"><p><strong>Unit\u00e9 de mesure<\/strong><\/p><\/td><td width=\"109\"><p><strong>R\u00e9f\u00e9rence (2020)<\/strong><\/p><\/td><td width=\"102\"><p><strong>Cible (2026)<\/strong><\/p><\/td><td width=\"146\"><p><strong>Source de v\u00e9rification<\/strong><\/p><\/td><\/tr><\/thead><tbody><tr><td><p><strong>Mobilisation de l\u2019investissement priv\u00e9<\/strong><\/p><\/td><td><p>Montant cumul\u00e9 des investissements priv\u00e9s<\/p><\/td><td width=\"79\"><p>Milliards de FCFA<\/p><\/td><td width=\"109\"><p>0<\/p><\/td><td width=\"102\"><p>+130<\/p><\/td><td width=\"146\"><p>Partenaires sign\u00e9s Rapports d\u2019enqu\u00eates, du CEPICI et du projet<\/p><\/td><\/tr><tr><td rowspan=\"2\"><p><strong>Productivit\u00e9 agricole et agro-pastorale<\/strong><\/p><\/td><td><p>Nombre de retenues d\u2019eau renforc\u00e9s<\/p><\/td><td width=\"79\"><p>Nb<\/p><\/td><td width=\"109\"><p>0<\/p><\/td><td width=\"102\"><p>16<\/p><\/td><td width=\"146\"><p>Rapports d\u2019activit\u00e9s et enqu\u00eates<\/p><\/td><\/tr><tr><td><p>Superficie am\u00e9nag\u00e9e en p\u00e9rim\u00e8tres irrigu\u00e9s et jardins mara\u00eechers fonctionnels<\/p><\/td><td width=\"79\"><p>Ha<\/p><\/td><td width=\"109\"><p>0<\/p><\/td><td width=\"102\"><p>5000<\/p><\/td><td width=\"146\"><p>Rapports d\u2019activit\u00e9s et enqu\u00eates<\/p><\/td><\/tr><tr><td><p><strong>Transformation agro-industrielle<\/strong><\/p><\/td><td><p>Taux de transformation du riz, ma\u00efs, mangue, anacarde, karit\u00e9<\/p><\/td><td width=\"79\"><p>%<\/p><\/td><td width=\"109\"><p>Mangue\u00a0: 3%, Karit\u00e9\u00a0: 32%, Pomme de cajou\u00a0: &lt;1%,<\/p><p>Graine de coton\u00a0: 15%,<\/p><p>Ma\u00efs\u00a0: &lt;2%, Arachide\u00a0: &lt;1%,<\/p><p>Viande : 15%<\/p><\/td><td width=\"102\"><p>Mangue\u00a0: 15%, Karit\u00e9\u00a0: 50%, Pomme de cajou\u00a0: 5%,<\/p><p>Graine de coton\u00a0: 25%,<\/p><p>Ma\u00efs\u00a0: 10%, Arachide\u00a0: 5%,<\/p><p>Viande : 15%<\/p><\/td><td width=\"146\"><p>Rapports d\u2019activit\u00e9s et d\u2019enqu\u00eates<\/p><\/td><\/tr><tr><td><p><strong>S\u00e9curit\u00e9 alimentaire et revenus des m\u00e9nages<\/strong><\/p><\/td><td><p>Taux de s\u00e9curit\u00e9 alimentaire et nutritionnelle des m\u00e9nages cibl\u00e9s<\/p><\/td><td width=\"79\"><p>%<\/p><\/td><td width=\"109\"><p>22%<\/p><\/td><td width=\"102\"><p>32%<\/p><\/td><td width=\"146\"><p>Enqu\u00eates de r\u00e9f\u00e9rence et d\u2019\u00e9valuation finale du projet<\/p><\/td><\/tr><tr><td rowspan=\"3\"><p><strong>Emploi et autonomisation<\/strong><\/p><\/td><td><p>Nombre d\u2019emplois cr\u00e9\u00e9s (directs et indirects)<\/p><\/td><td width=\"79\"><p>Nb<\/p><\/td><td width=\"109\"><p>0<\/p><\/td><td width=\"102\"><p>Directs : 25 000,<\/p><p>Indirects: 45 000<\/p><\/td><td width=\"146\"><p>Rapports d\u2019activit\u00e9s et d\u2019enqu\u00eates<\/p><\/td><\/tr><tr><td><p>Nombre de PME agricoles cr\u00e9\u00e9es ou renforc\u00e9es<\/p><\/td><td width=\"79\"><p>Nb<\/p><\/td><td width=\"109\"><p>0<\/p><\/td><td width=\"102\"><p>300 (40% au profit des femmes et des jeunes)<\/p><\/td><td width=\"146\"><p>Rapport de CI-PME et du projet<\/p><\/td><\/tr><tr><td><p>Nombre de dipl\u00f4m\u00e9s et non-dipl\u00f4m\u00e9s incub\u00e9s<\/p><\/td><td width=\"79\"><p>Nb<\/p><\/td><td width=\"109\"><p>0<\/p><\/td><td width=\"102\"><p>1000<\/p><\/td><td width=\"146\"><p>Rapports des incubateurs et du projet<\/p><\/td><\/tr><tr><td><p><strong>Am\u00e9lioration des infrastructures rurales<\/strong><\/p><\/td><td><p>Longueur des pistes rurales r\u00e9habilit\u00e9es et entretenus<\/p><\/td><td width=\"79\"><p>Km<\/p><\/td><td width=\"109\"><p>0<\/p><\/td><td width=\"102\"><p>1200<\/p><\/td><td width=\"146\"><p>Rapports de l\u2019AGEROUTE et du projet<\/p><\/td><\/tr><tr><td rowspan=\"4\"><p><strong>Durabilit\u00e9 et r\u00e9silience<\/strong><\/p><\/td><td><p>(i) Nombre d\u2019acteurs financ\u00e9s,\u00a0 (ii) Montant de financement octroy\u00e9<\/p><\/td><td width=\"79\"><p>(i) Nb, (ii) Milliards de FCFA<\/p><\/td><td width=\"109\"><p>(i) 0, (ii) 0<\/p><\/td><td width=\"102\"><p>(i) x, (ii) 4,5<\/p><\/td><td width=\"146\"><p>Rapports d\u2019activit\u00e9s et d\u2019enqu\u00eates<\/p><\/td><\/tr><tr><td><p>Superficie des vergers r\u00e9habilit\u00e9s ou implant\u00e9s (manguiers, anacardiers, karit\u00e9)<\/p><\/td><td width=\"79\"><p>Ha<\/p><\/td><td width=\"109\"><p>0<\/p><\/td><td width=\"102\"><p>5000<\/p><\/td><td width=\"146\"><p>Rapports de la SODEFOR et du projet<\/p><\/td><\/tr><tr><td><p>Acc\u00e8s \u00e0 l\u2019assurance agricole et climatique<\/p><\/td><td width=\"79\"><p>Nb producteurs couverts<\/p><\/td><td width=\"109\"><p>0<\/p><\/td><td width=\"102\"><p>3000<\/p><\/td><td width=\"146\"><p>Rapports d\u2019activit\u00e9s et d\u2019enqu\u00eates<\/p><\/td><\/tr><tr><td><p>Nombre de foyers am\u00e9lior\u00e9s distribu\u00e9s<\/p><\/td><td width=\"79\"><p>Nb<\/p><\/td><td width=\"109\"><p>0<\/p><\/td><td width=\"102\"><p>10 000<\/p><\/td><td width=\"146\"><p>Rapports de suivi environnemental<\/p><\/td><\/tr><\/tbody><\/table><ol style=\"text-align: left;\" start=\"4\"><li><strong>M\u00e9canisme de suivi et \u00e9valuation\u00a0:<\/strong><\/li><\/ol><ul style=\"text-align: left;\"><li><strong>Fr\u00e9quence des rapports<\/strong> :<ul><li><strong>Rapports trimestriels<\/strong> pour les indicateurs d\u2019activit\u00e9s.<\/li><li><strong>Rapports annuels<\/strong> pour les performances \u00e9conomiques et sociales.<\/li><li><strong>Audit environnemental et social<\/strong> annuel pour assurer le respect des exigences de sauvegardes.<\/li><li><strong>\u00c9valuation \u00e0 mi-parcours<\/strong> pour ajuster la strat\u00e9gie.<\/li><li><strong>\u00c9valuation finale<\/strong> pour mesurer l\u2019impact \u00e0 long terme.<\/li><\/ul><\/li><\/ul><ul style=\"text-align: left;\"><li><strong>Outils de suivi<\/strong> :<ul><li><strong>Plateforme digitale de gestion des donn\u00e9es<\/strong> sur les r\u00e9sultats du projet.<\/li><li><strong>Syst\u00e8me de collecte et analyse des donn\u00e9es<\/strong> via les partenaires et institutions locales.<\/li><li><strong>M\u00e9canisme de gestion des plaintes<\/strong> pour assurer l\u2019inclusivit\u00e9 du projet.<\/li><\/ul><\/li><\/ul><p style=\"text-align: left;\"><strong>Conclusion<\/strong><\/p><p style=\"text-align: left;\">Ce cadre de mesure assure une <strong>\u00e9valuation rigoureuse et transparente<\/strong> des progr\u00e8s du projet et permet d\u2019adapter la strat\u00e9gie pour maximiser <strong>l\u2019impact \u00e9conomique, social et environnemental<\/strong>.<\/p><\/div>        <\/div>\n            <\/div>\n\n\t\t\t\t\t\t<\/div>\n\t\t\t\t<\/div>\n\t\t\t\t<\/div>\n\t\t<div class=\"has_eae_slider  elementor-element elementor-element-f6cef61 e-con-full e-flex e-con e-child\" data-eae-slider=\"14984\" id=\"e-n-tab-content-14836227210\" role=\"tabpanel\" aria-labelledby=\"e-n-tab-title-14836227210\" data-tab-index=\"10\" style=\"--n-tabs-title-order: 10;\" data-id=\"f6cef61\" data-element_type=\"container\">\n\t\t\t\t<div class=\"elementor-element elementor-element-5b5e17d elementor-widget__width-inherit eael-infobox-content-align--center elementor-widget elementor-widget-eael-info-box\" data-id=\"5b5e17d\" data-element_type=\"widget\" data-widget_type=\"eael-info-box.default\">\n\t\t\t\t<div class=\"elementor-widget-container\">\n\t\t\t\t\t        <div class=\"eael-infobox icon-on-top\">\n\t            <div class=\"infobox-content\">\n                    <div class=\"infobox-title-section\">\n                <h4 class=\"title\">X- STRATEGIE DE MISE EN \u0152UVRE :<\/h4>            <\/div>\n            <div><p style=\"text-align: left;\">La mise en \u0153uvre du <strong>Projet de P\u00f4le Agro-Industriel dans le Nord (2PAI-NORD)<\/strong> repose sur une <strong>approche int\u00e9gr\u00e9e, s\u00e9quentielle et participative<\/strong>, impliquant les acteurs publics, priv\u00e9s et Locaux. Les principales <strong>\u00e9tapes strat\u00e9giques<\/strong> pour assurer le succ\u00e8s du projet sont :<\/p>\n\n<ol style=\"text-align: left;\">\n \t<li><strong>Gouvernance et pilotage du projet<\/strong><\/li>\n<\/ol>\n<ul style=\"text-align: left;\">\n \t<li><strong>Cr\u00e9ation de l\u2019\u00c9quipe de Coordination du Projet (ECP)<\/strong> pour superviser l\u2019ex\u00e9cution.<\/li>\n \t<li><strong>Mise en place d\u2019un Comit\u00e9 de Pilotage, d\u2019un Comit\u00e9 Technique et d\u2019un Cadre R\u00e9gional de Concertation (CRC)<\/strong> impliquant les minist\u00e8res, les partenaires techniques, le secteur priv\u00e9, les organisation professionnelles et les collectivit\u00e9s locales.<\/li>\n \t<li><strong>\u00c9tablissement d\u2019un m\u00e9canisme de suivi-\u00e9valuation<\/strong> bas\u00e9 sur des indicateurs de performance clairs.<\/li>\n<\/ul>&nbsp;\n<ol style=\"text-align: left;\" start=\"2\">\n \t<li><strong>Mobilisation des financements et partenariats<\/strong><\/li>\n<\/ol>\n<ul style=\"text-align: left;\">\n \t<li><strong>Activation des pr\u00eats et financements<\/strong> (BAD, BIDC, OPEP).<\/li>\n \t<li><strong>Attractivit\u00e9 pour les investisseurs priv\u00e9s<\/strong> gr\u00e2ce \u00e0 des incitations fiscales et infrastructurelles.<\/li>\n \t<li><strong>Partenariats avec les institutions financi\u00e8res<\/strong> pour faciliter l\u2019acc\u00e8s aux cr\u00e9dits agricoles et \u00e0 la m\u00e9canisation.<\/li>\n<\/ul>&nbsp;\n<ol style=\"text-align: left;\" start=\"3\">\n \t<li><strong>D\u00e9veloppement des infrastructures agro-industrielles<\/strong><\/li>\n<\/ol>\n<ul style=\"text-align: left;\">\n \t<li><strong>Viabilisation du hub agro-industriel de Sin\u00e9matiali<\/strong> (routes, \u00e9nergie, services, infrastructures socio-collectives et s\u00e9curitaires).<\/li>\n \t<li><strong>Construction de 5 centres d\u2019agr\u00e9gation et de services (CAS)<\/strong> pour le stockage, le conditionnement secondaire, la transformation primaire des produits agricoles et la distribution.<\/li>\n \t<li><strong>Renforcement de 6 barrages hydroagricoles, r\u00e9habilitation de 10 barrages agro-pastoraux et am\u00e9nagement de 5000 ha de p\u00e9rim\u00e8tres irrigu\u00e9s et de jardins mara\u00eechers<\/strong>.<\/li>\n \t<li><strong>Am\u00e9lioration des voies d\u2019acc\u00e8s pour transport<\/strong> (1200 km de pistes rurales) pour d\u00e9senclaver des bassins de production et des march\u00e9s.<\/li>\n<\/ul>&nbsp;\n<ol style=\"text-align: left;\" start=\"4\">\n \t<li><strong>Soutien \u00e0 l\u2019industrialisation et \u00e0 la transformation des fili\u00e8res<\/strong><\/li>\n<\/ol>\n<ul style=\"text-align: left;\">\n \t<li><strong>D\u00e9veloppement de la fili\u00e8re agro-industrielle<\/strong> (riz, ma\u00efs, arachide, l\u00e9gumes, ressources animales et halieutiques, pomme de cajou, graine de coton, mangue et karit\u00e9).<\/li>\n \t<li><strong>Mise en place de plateformes de transformation et conditionnement<\/strong> pour renforcer la cha\u00eene de valeur.<\/li>\n \t<li><strong>Promotion de l\u2019innovation agro-technologique<\/strong> (machines, digitalisation, pratiques durables).<\/li>\n<\/ul>&nbsp;\n<ol style=\"text-align: left;\" start=\"5\">\n \t<li><strong>Renforcement des capacit\u00e9s et de l\u2019insertion professionnelle<\/strong><\/li>\n<\/ol>\n<ul style=\"text-align: left;\">\n \t<li><strong>Incubation de 1 000 jeunes entrepreneurs agricoles<\/strong> et <strong>renforcement de 300 Petites et Moyennes Entreprises Agricoles (PMEA)<\/strong>.<\/li>\n \t<li><strong>Renforcement des capacit\u00e9s des coop\u00e9ratives et interprofessions<\/strong> pour structurer les fili\u00e8res.<\/li>\n \t<li><strong>Mise en place d\u2019un dispositif de suivi et d\u2019appui aux exploitants<\/strong> via une plateforme num\u00e9rique.<\/li>\n<\/ul>&nbsp;\n<ol style=\"text-align: left;\" start=\"6\">\n \t<li><strong>Int\u00e9gration des dimensions sociales et environnementales<\/strong><\/li>\n<\/ol>\n<ul style=\"text-align: left;\">\n \t<li><strong>S\u00e9curisation fonci\u00e8re et acc\u00e8s aux financements<\/strong> pour les petits producteurs.<\/li>\n \t<li><strong>Application des plans de gestion environnementale et sociale (PGES, PAR)<\/strong> pour limiter l\u2019impact \u00e9cologique.<\/li>\n \t<li><strong>Promotion des \u00e9nergies renouvelables et solutions climato-intelligentes<\/strong> (agroforesterie, foyers am\u00e9lior\u00e9s).<\/li>\n<\/ul>&nbsp;\n<ol style=\"text-align: left;\" start=\"7\">\n \t<li><strong>Suivi-\u00e9valuation et p\u00e9rennisation du projet<\/strong><\/li>\n<\/ol>\n<ul style=\"text-align: left;\">\n \t<li><strong>Mise en place de m\u00e9canismes de gestion des risques<\/strong> (s\u00e9curisation, gouvernance fonci\u00e8re).<\/li>\n \t<li><strong>Revue \u00e0 mi-parcours et adaptation des strat\u00e9gies<\/strong> pour garantir l\u2019efficacit\u00e9 des interventions.<\/li>\n \t<li><strong>Capitalisation et diffusion des bonnes pratiques<\/strong> pour faciliter la r\u00e9plication du mod\u00e8le dans d\u2019autres r\u00e9gions.<\/li>\n<\/ul>&nbsp;\n<p style=\"text-align: left;\"><strong>Conclusion<\/strong><\/p>\n<p style=\"text-align: left;\">Cette strat\u00e9gie repose sur une <strong>approche progressive et coordonn\u00e9e<\/strong>, o\u00f9 chaque \u00e9tape est optimis\u00e9e pour assurer <strong>la viabilit\u00e9 \u00e9conomique, sociale et environnementale<\/strong> du projet.<\/p><\/div>        <\/div>\n            <\/div>\n\n\t\t\t\t\t\t<\/div>\n\t\t\t\t<\/div>\n\t\t\t\t<\/div>\n\t\t<div class=\"has_eae_slider  elementor-element elementor-element-a2f0d08 e-con-full e-flex e-con e-child\" data-eae-slider=\"63798\" id=\"e-n-tab-content-14836227211\" role=\"tabpanel\" aria-labelledby=\"e-n-tab-title-14836227211\" data-tab-index=\"11\" style=\"--n-tabs-title-order: 11;\" data-id=\"a2f0d08\" data-element_type=\"container\">\n\t\t\t\t<div class=\"elementor-element elementor-element-2e46558 elementor-widget__width-inherit eael-infobox-content-align--center elementor-widget elementor-widget-eael-info-box\" data-id=\"2e46558\" data-element_type=\"widget\" data-widget_type=\"eael-info-box.default\">\n\t\t\t\t<div class=\"elementor-widget-container\">\n\t\t\t\t\t        <div class=\"eael-infobox icon-on-top\">\n\t            <div class=\"infobox-content\">\n                    <div class=\"infobox-title-section\">\n                <h4 class=\"title\">XI- DEFIS :<\/h4>            <\/div>\n            <div><p style=\"text-align: left;\">Le <strong>Projet de P\u00f4le Agro-Industriel dans le Nord (2PAI-NORD)<\/strong> rencontre plusieurs d\u00e9fis qui peuvent influencer sa mise en \u0153uvre et son succ\u00e8s. Les principaux se pr\u00e9sentent comme suit :<\/p>\n\n<ol style=\"text-align: left;\">\n \t<li><strong>Enjeux environnementaux et climatiques<\/strong> : Les r\u00e9gions concern\u00e9es sont expos\u00e9es aux effets du changement climatique, notamment la variabilit\u00e9 des pr\u00e9cipitations et la d\u00e9gradation des sols, ce qui peut affecter la productivit\u00e9 agricole.<\/li>&nbsp;\n \t<li><strong>Acc\u00e8s aux financements et investissements priv\u00e9s<\/strong> : L\u2019un des objectifs du projet est d\u2019attirer des investissements priv\u00e9s pour la transformation des produits agricoles. Cependant, mobiliser ces financements reste un d\u00e9fi majeur.<\/li>&nbsp;\n \t<li><strong>Infrastructure et logistique<\/strong> : Le d\u00e9veloppement des infrastructures (zones de transformation, acc\u00e8s \u00a0\u00e0 l\u2019\u00e9nergie et \u00e0 l\u2019eau, p\u00e9rim\u00e8tres irrigu\u00e9es, voie d\u2019acc\u00e8s) est essentiel pour la r\u00e9ussite du projet. Des retards ou des difficult\u00e9s dans leur mise en place peuvent ralentir la dynamique du p\u00f4le agro-industriel.<\/li>&nbsp;\n \t<li><strong>R\u00e9silience des communaut\u00e9s locales<\/strong> : Les populations rurales doivent \u00eatre accompagn\u00e9es pour renforcer leurs capacit\u00e9s et leur adaptation aux nouvelles pratiques agricoles et industrielles. La sensibilisation et la formation sont donc des enjeux cl\u00e9s.<\/li>&nbsp;\n \t<li><strong>S\u00e9curit\u00e9 et stabilit\u00e9 nationale r\u00e9gionale<\/strong> : La proximit\u00e9 avec les fronti\u00e8res du Mali et du Burkina Faso expose le projet \u00e0 des risques li\u00e9s \u00e0 l\u2019instabilit\u00e9 r\u00e9gionale, ce qui peut impacter les activit\u00e9s \u00e9conomiques et agricoles.<\/li>\n<\/ol>&nbsp;\n<p style=\"text-align: left;\">Malgr\u00e9 ces d\u00e9fis, le projet reste une initiative strat\u00e9gique pour le d\u00e9veloppement agricole et industriel du nord de la C\u00f4te d\u2019Ivoire.<\/p><\/div>        <\/div>\n            <\/div>\n\n\t\t\t\t\t\t<\/div>\n\t\t\t\t<\/div>\n\t\t\t\t<\/div>\n\t\t<div class=\"has_eae_slider  elementor-element elementor-element-fc20d1c e-con-full e-flex e-con e-child\" data-eae-slider=\"88443\" id=\"e-n-tab-content-14836227212\" role=\"tabpanel\" aria-labelledby=\"e-n-tab-title-14836227212\" data-tab-index=\"12\" style=\"--n-tabs-title-order: 12;\" data-id=\"fc20d1c\" data-element_type=\"container\">\n\t\t\t\t<div class=\"elementor-element elementor-element-2e4f5f3 elementor-widget__width-inherit eael-infobox-content-align--center elementor-widget elementor-widget-eael-info-box\" data-id=\"2e4f5f3\" data-element_type=\"widget\" data-widget_type=\"eael-info-box.default\">\n\t\t\t\t<div class=\"elementor-widget-container\">\n\t\t\t\t\t        <div class=\"eael-infobox icon-on-top\">\n\t            <div class=\"infobox-content\">\n                    <div class=\"infobox-title-section\">\n                <h4 class=\"title\">XII- PLAN OPERATIONNEL :<\/h4>            <\/div>\n            <div><p style=\"text-align: left;\">Le <strong>plan op\u00e9rationnel<\/strong> pour la mise en \u0153uvre du <strong>Projet de P\u00f4le Agro-Industriel dans le Nord (2PAI-NORD) <\/strong>est r\u00e9sum\u00e9 dans la programmation d\u00e9clin\u00e9e ci-dessous :<\/p>\n\n<ol style=\"text-align: left;\">\n \t<li><strong> Phase de Pr\u00e9paration (0 &#8211; 3 ans)<\/strong><\/li>\n<\/ol>\n<ul style=\"text-align: left;\">\n \t<li><strong>Mise en place de la gouvernance du projet<\/strong> : Cr\u00e9ation de l&#8217;\u00c9quipe de Coordination du Projet (ECP), mise en place des organes de pilotage et de gouvernance (Comit\u00e9 de Pilotage, Comit\u00e9 Technique, Cadre R\u00e9gional de Concertation).<\/li>\n \t<li><strong>Finalisation des \u00e9tudes techniques et environnementales<\/strong> : Mise \u00e0 jour des \u00e9tudes de faisabilit\u00e9 et des Plans de Gestion Environnementale et Sociale.<\/li>\n \t<li><strong>Mobilisation des financements et des contributions nationales<\/strong> : Activation des pr\u00eats et des cofinancements.<\/li>\n \t<li><strong>Lancement de la campagne de communication et sensibilisation des parties prenantes<\/strong>.<\/li>\n<\/ul>\n&nbsp;\n<ol style=\"text-align: left;\" start=\"2\">\n \t<li style=\"list-style-type: none;\">\n<ol style=\"text-align: left;\" start=\"2\">\n \t<li><strong> D\u00e9veloppement des infrastructures et facilit\u00e9s (6 &#8211; 36 mois)<\/strong><\/li>\n<\/ol>\n<\/li>\n<\/ol>\n&nbsp;\n<p style=\"text-align: left;\"><strong>A. Viabilisation des sites et mise en place des hubs industriels<\/strong><\/p>\n\n<ul style=\"text-align: left;\">\n \t<li>Cr\u00e9ation du <strong>hub agro-industriel<\/strong> de Sin\u00e9matiali (100 ha).<\/li>\n \t<li>Cr\u00e9ation de <strong>cinq (5) Centres d\u2019Agr\u00e9gation et de Services (CAS)<\/strong> \u00e0 Katiola (50 ha), Boundiali (25 ha), Ferkess\u00e9dougou (25 ha), Korhogo (25 ha) et Dabakala (25 ha).<\/li>\n \t<li>Construction des <strong>infrastructures de stockage et de transformation<\/strong>.<\/li>\n<\/ul>\n&nbsp;\n<p style=\"text-align: left;\"><strong>B. D\u00e9veloppement des infrastructures de production agricole<\/strong><\/p>\n\n<ul style=\"text-align: left;\">\n \t<li>Renforcement de <strong>6 barrages hydroagricoles<\/strong> et am\u00e9nagement de <strong>5000 ha de p\u00e9rim\u00e8tres irrigu\u00e9s <\/strong>et<strong> jardins mara\u00eechers<\/strong>.<\/li>\n \t<li>R\u00e9habilitation de <strong>10 micro-barrages agro-pastoraux<\/strong> avec <strong>abreuvoirs<\/strong> et <strong>\u00e9tangs piscicoles<\/strong>.<\/li>\n \t<li>R\u00e9habilitation des <strong>vergers (mangue, anacarde, karit\u00e9)<\/strong> et mise en place des <strong>syst\u00e8mes de lutte contre les nuisibles<\/strong>.<\/li>\n<\/ul>\n&nbsp;\n<p style=\"text-align: left;\"><strong>C. D\u00e9veloppement des infrastructures de production agricole<\/strong><\/p>\n<ul style=\"text-align: left;\">\n \t<li>R\u00e9habilitation de <strong>1200 km de pistes rurales<\/strong>.<\/li>\n \t<li>Construction de <strong>march\u00e9s \u00e0 b\u00e9tail<\/strong> et de <strong>magasins de stockage<\/strong>.<\/li>\n<\/ul>&nbsp;\n<ol style=\"text-align: left;\" start=\"3\">\n \t<li><strong> D\u00e9veloppement des capacit\u00e9s et soutien aux acteurs (6 &#8211; 60 mois)<\/strong><\/li>\n<\/ol>\n<ul style=\"text-align: left;\">\n \t<li><strong>Incubation et formation de 1000 jeunes entrepreneurs<\/strong> agricoles.<\/li>\n \t<li><strong>Renforcement des interprofessions<\/strong> des fili\u00e8res prioritaires (riz, ma\u00efs, arachide, l\u00e9gumes, ressources animales et halieutiques, pomme de cajou, graine de coton, mangue et karit\u00e9).<\/li>\n \t<li><strong>D\u00e9ploiement de services financiers<\/strong> (Fonds de D\u00e9veloppement des Chaines de Valeur, M\u00e9canisation Agricole, Assurance Agricole).<\/li>\n \t<li><strong>Mise en place d\u2019une plateforme digitale<\/strong> d\u2019acc\u00e8s aux services agricoles pour la mise en relation des acteurs et le suivi des acteurs agro-industriels.<\/li>\n<\/ul>\n&nbsp;\n<ol style=\"text-align: left;\" start=\"4\">\n \t<li><strong> Suivi-\u00e9valuation et gestion du projet (toute la dur\u00e9e du projet)<\/strong><\/li>\n<\/ol>\n<ul style=\"text-align: left;\">\n \t<li><strong>Mise en place d\u2019un cadre de suivi-\u00e9valuation<\/strong> avec indicateurs de performance.<\/li>\n \t<li><strong>Audits environnementaux et sociaux<\/strong> pour assurer le respect des normes et la durabilit\u00e9 du projet.<\/li>\n \t<li><strong>Rapports trimestriels et annuels<\/strong> sur les progr\u00e8s du projet.<\/li>\n \t<li><strong>M\u00e9canisme de gestion des plaintes et participation citoyenne<\/strong>.<\/li>\n<\/ul>&nbsp;\n<p style=\"text-align: left;\">Ce <strong>plan op\u00e9rationnel<\/strong> permet de structurer efficacement la mise en \u0153uvre du projet, en assurant un d\u00e9veloppement \u00e9quilibr\u00e9 et durable.<\/p><\/div>        <\/div>\n            <\/div>\n\n\t\t\t\t\t\t<\/div>\n\t\t\t\t<\/div>\n\t\t\t\t<\/div>\n\t\t\t\t\t<\/div>\n\t\t<\/div>\n\t\t\t\t\t\t<\/div>\n\t\t\t\t<\/div>\n\t\t\t\t<\/div>\n\t\t<div class=\"has_eae_slider elementor-element elementor-element-921a6cc e-grid e-con-boxed e-con e-parent\" data-eae-slider=\"49884\" data-id=\"921a6cc\" data-element_type=\"container\">\n\t\t\t\t\t<div class=\"e-con-inner\">\n\t\t\t\t<div class=\"elementor-element elementor-element-532f987 elementor-button-warning elementor-widget elementor-widget-button\" data-id=\"532f987\" data-element_type=\"widget\" data-widget_type=\"button.default\">\n\t\t\t\t<div class=\"elementor-widget-container\">\n\t\t\t\t\t\t\t\t\t<div class=\"elementor-button-wrapper\">\n\t\t\t\t\t<a class=\"elementor-button elementor-button-link elementor-size-sm\" href=\"\/wlab\/composantes\">\n\t\t\t\t\t\t<span class=\"elementor-button-content-wrapper\">\n\t\t\t\t\t\t\t\t\t<span class=\"elementor-button-text\">Composantes<\/span>\n\t\t\t\t\t<\/span>\n\t\t\t\t\t<\/a>\n\t\t\t\t<\/div>\n\t\t\t\t\t\t\t\t<\/div>\n\t\t\t\t<\/div>\n\t\t\t\t<div class=\"elementor-element elementor-element-8ac44cf elementor-button-warning elementor-widget elementor-widget-button\" data-id=\"8ac44cf\" data-element_type=\"widget\" data-widget_type=\"button.default\">\n\t\t\t\t<div class=\"elementor-widget-container\">\n\t\t\t\t\t\t\t\t\t<div class=\"elementor-button-wrapper\">\n\t\t\t\t\t<a class=\"elementor-button elementor-button-link elementor-size-sm\" href=\"\/wlab\/organes-directeurs\/\">\n\t\t\t\t\t\t<span class=\"elementor-button-content-wrapper\">\n\t\t\t\t\t\t\t\t\t<span class=\"elementor-button-text\">Organes Directeurs<\/span>\n\t\t\t\t\t<\/span>\n\t\t\t\t\t<\/a>\n\t\t\t\t<\/div>\n\t\t\t\t\t\t\t\t<\/div>\n\t\t\t\t<\/div>\n\t\t\t\t<div class=\"elementor-element elementor-element-113016d elementor-button-warning elementor-widget elementor-widget-button\" data-id=\"113016d\" data-element_type=\"widget\" data-widget_type=\"button.default\">\n\t\t\t\t<div class=\"elementor-widget-container\">\n\t\t\t\t\t\t\t\t\t<div class=\"elementor-button-wrapper\">\n\t\t\t\t\t<a class=\"elementor-button elementor-button-link elementor-size-sm\" href=\"\/composantes\">\n\t\t\t\t\t\t<span class=\"elementor-button-content-wrapper\">\n\t\t\t\t\t\t\t\t\t<span class=\"elementor-button-text\">Composantes<\/span>\n\t\t\t\t\t<\/span>\n\t\t\t\t\t<\/a>\n\t\t\t\t<\/div>\n\t\t\t\t\t\t\t\t<\/div>\n\t\t\t\t<\/div>\n\t\t\t\t<div class=\"elementor-element elementor-element-f222526 elementor-button-warning elementor-widget elementor-widget-button\" data-id=\"f222526\" data-element_type=\"widget\" data-widget_type=\"button.default\">\n\t\t\t\t<div class=\"elementor-widget-container\">\n\t\t\t\t\t\t\t\t\t<div class=\"elementor-button-wrapper\">\n\t\t\t\t\t<a class=\"elementor-button elementor-button-link elementor-size-sm\" href=\"\/composantes\">\n\t\t\t\t\t\t<span class=\"elementor-button-content-wrapper\">\n\t\t\t\t\t\t\t\t\t<span class=\"elementor-button-text\">Composantes<\/span>\n\t\t\t\t\t<\/span>\n\t\t\t\t\t<\/a>\n\t\t\t\t<\/div>\n\t\t\t\t\t\t\t\t<\/div>\n\t\t\t\t<\/div>\n\t\t\t\t\t<\/div>\n\t\t\t\t<\/div>\n\t\t\t\t<\/div>\n\t\t","protected":false},"excerpt":{"rendered":"<p>I &#8211; LA VISION : II- AXES CLES DE LA VISION : III- L\u2019AMBITION : IV- LES MISSIONS : V- LES RESULTATS ATTENDUS : VI-<\/p>\n","protected":false},"author":1,"featured_media":0,"parent":0,"menu_order":0,"comment_status":"closed","ping_status":"closed","template":"elementor_header_footer","meta":{"_acf_changed":false,"_eb_attr":"","_monsterinsights_skip_tracking":false,"_monsterinsights_sitenote_active":false,"_monsterinsights_sitenote_note":"","_monsterinsights_sitenote_category":0,"footnotes":""},"class_list":["post-2724","page","type-page","status-publish","hentry"],"acf":[],"aioseo_notices":[],"_links":{"self":[{"href":"https:\/\/2pai-nord.ci\/web\/wp-json\/wp\/v2\/pages\/2724","targetHints":{"allow":["GET"]}}],"collection":[{"href":"https:\/\/2pai-nord.ci\/web\/wp-json\/wp\/v2\/pages"}],"about":[{"href":"https:\/\/2pai-nord.ci\/web\/wp-json\/wp\/v2\/types\/page"}],"author":[{"embeddable":true,"href":"https:\/\/2pai-nord.ci\/web\/wp-json\/wp\/v2\/users\/1"}],"replies":[{"embeddable":true,"href":"https:\/\/2pai-nord.ci\/web\/wp-json\/wp\/v2\/comments?post=2724"}],"version-history":[{"count":217,"href":"https:\/\/2pai-nord.ci\/web\/wp-json\/wp\/v2\/pages\/2724\/revisions"}],"predecessor-version":[{"id":12396,"href":"https:\/\/2pai-nord.ci\/web\/wp-json\/wp\/v2\/pages\/2724\/revisions\/12396"}],"wp:attachment":[{"href":"https:\/\/2pai-nord.ci\/web\/wp-json\/wp\/v2\/media?parent=2724"}],"curies":[{"name":"wp","href":"https:\/\/api.w.org\/{rel}","templated":true}]}}